{"id":2217,"date":"2025-11-07T16:49:08","date_gmt":"2025-11-07T19:49:08","guid":{"rendered":"https:\/\/agusmolinares.com.ar\/wp-23\/?page_id=2217"},"modified":"2025-11-24T20:17:30","modified_gmt":"2025-11-24T23:17:30","slug":"areas-de-trabajo","status":"publish","type":"page","link":"https:\/\/agusmolinares.com.ar\/wp-23\/areas-de-trabajo\/","title":{"rendered":"\u00c1reas de trabajo"},"content":{"rendered":"\t\t<div data-elementor-type=\"wp-page\" data-elementor-id=\"2217\" class=\"elementor elementor-2217\" data-elementor-post-type=\"page\">\n\t\t\t\t<div class=\"elementor-element elementor-element-441bf50 e-con-full e-flex elementor-invisible e-con e-parent\" data-id=\"441bf50\" data-element_type=\"container\" data-settings=\"{&quot;background_background&quot;:&quot;classic&quot;,&quot;animation&quot;:&quot;fadeInDown&quot;}\">\n\t\t\t\t<div class=\"elementor-element elementor-element-7a61515 elementor-widget__width-initial elementor-widget elementor-widget-heading\" data-id=\"7a61515\" data-element_type=\"widget\" data-widget_type=\"heading.default\">\n\t\t\t\t<div class=\"elementor-widget-container\">\n\t\t\t\t\t<h2 class=\"elementor-heading-title elementor-size-default\">\u00c1reas de trabajo<\/h2>\t\t\t\t<\/div>\n\t\t\t\t<\/div>\n\t\t\t\t<\/div>\n\t\t<div class=\"elementor-element elementor-element-b028e7b e-grid e-con-boxed elementor-invisible e-con e-parent\" data-id=\"b028e7b\" data-element_type=\"container\" data-settings=\"{&quot;animation&quot;:&quot;fadeIn&quot;}\">\n\t\t\t\t\t<div class=\"e-con-inner\">\n\t\t\t\t<div class=\"elementor-element elementor-element-a9d2e5d elementor-invisible elementor-widget elementor-widget-fswp-text-unfold\" data-id=\"a9d2e5d\" data-element_type=\"widget\" data-settings=\"{&quot;_animation&quot;:&quot;fadeIn&quot;}\" data-widget_type=\"fswp-text-unfold.default\">\n\t\t\t\t<div class=\"elementor-widget-container\">\n\t\t\t\t\t        <div class=\"fswp-elt--read-more-main-wrapper\">\n                    <div class=\"fswp-elt--read-more-image-wrapper\">\n            <img decoding=\"async\" src=\"https:\/\/agusmolinares.com.ar\/wp-23\/wp-content\/uploads\/2025\/11\/Rehabilitacion-Traumatologica-scaled.jpg\" \/>\n\n        <\/div><!--read-more-image-wrapper-->\n            <div class=\"fswp-elt--read-more-title-wrapper\">\n            <h3 class=\"fswp-elt--read-more-title\">Rehabilitaci\u00f3n Traumatol\u00f3gica<\/h3>        <\/div><!--read-more-title-wrapper-->\n            <div class=\"fswp-elt--read-more-content-wrapper\">\n                            <div class=\"fswp-elt--read-more-content\">\n                    <p>La Traumatolog\u00eda se enfoca en el estudio y tratamiento de las lesiones del aparato locomotor. En este \u00e1mbito, el kinesi\u00f3logo cumple un rol clave al encargarse de la rehabilitaci\u00f3n y readaptaci\u00f3n funcional del paciente, permitiendo su reinserci\u00f3n en las actividades laborales, deportivas o recreativas.<br data-start=\"301\" data-end=\"304\" \/>Sus principales funciones son: evaluar la condici\u00f3n f\u00edsica y la lesi\u00f3n, dise\u00f1ar programas de ejercicios personalizados, aplicar t\u00e9cnicas de rehabilitaci\u00f3n para aliviar el dolor y mejorar la funci\u00f3n motora, prevenir futuras lesiones y acompa\u00f1ar la reintegraci\u00f3n del paciente a su vida cotidiana.<\/p>                <\/div>\n                                    <a class=\"fswp-elt--read-more more hide-icon\"\n                        data-height=\"0\"\n                        data-more=\"Leer m\u00e1s\"\n                        data-less=\"Leer menos\">\n                        <span class=\"fswp-elt--read-more-text\">\n                            Leer m\u00e1s                        <\/span>\n                                                                    <\/a>\n                    <\/div><!--read-more-content-wrapper-->\n        <\/div>\n    \t\t\t\t<\/div>\n\t\t\t\t<\/div>\n\t\t\t\t<div class=\"elementor-element elementor-element-c3068e0 elementor-invisible elementor-widget elementor-widget-fswp-text-unfold\" data-id=\"c3068e0\" data-element_type=\"widget\" data-settings=\"{&quot;_animation&quot;:&quot;fadeIn&quot;}\" data-widget_type=\"fswp-text-unfold.default\">\n\t\t\t\t<div class=\"elementor-widget-container\">\n\t\t\t\t\t        <div class=\"fswp-elt--read-more-main-wrapper\">\n                    <div class=\"fswp-elt--read-more-image-wrapper\">\n            <img decoding=\"async\" src=\"https:\/\/agusmolinares.com.ar\/wp-23\/wp-content\/uploads\/2025\/11\/Rehabilitacion-Neurologica-del-adulto-scaled.jpg\" \/>\n\n        <\/div><!--read-more-image-wrapper-->\n            <div class=\"fswp-elt--read-more-title-wrapper\">\n            <h3 class=\"fswp-elt--read-more-title\">Rehabilitaci\u00f3n Neurol\u00f3gica del adulto<\/h3>        <\/div><!--read-more-title-wrapper-->\n            <div class=\"fswp-elt--read-more-content-wrapper\">\n                            <div class=\"fswp-elt--read-more-content\">\n                    <article class=\"text-token-text-primary w-full focus:outline-none [--shadow-height:45px] has-data-writing-block:pointer-events-none has-data-writing-block:-mt-(--shadow-height) has-data-writing-block:pt-(--shadow-height) [&amp;:has([data-writing-block])&gt;*]:pointer-events-auto [content-visibility:auto] supports-[content-visibility:auto]:[contain-intrinsic-size:auto_100lvh] scroll-mt-[calc(var(--header-height)+min(200px,max(70px,20svh)))]\" dir=\"auto\" data-turn-id=\"11484dc7-176a-4156-8330-866f87b25b23\" data-testid=\"conversation-turn-6\" data-scroll-anchor=\"false\" data-turn=\"assistant\"><div class=\"text-base my-auto mx-auto [--thread-content-margin:--spacing(4)] thread-sm:[--thread-content-margin:--spacing(6)] thread-lg:[--thread-content-margin:--spacing(16)] px-(--thread-content-margin)\"><div class=\"[--thread-content-max-width:40rem] thread-lg:[--thread-content-max-width:48rem] mx-auto max-w-(--thread-content-max-width) flex-1 group\/turn-messages focus-visible:outline-hidden relative flex w-full min-w-0 flex-col agent-turn\"><div class=\"flex max-w-full flex-col grow\"><div class=\"min-h-8 text-message relative flex w-full flex-col items-end gap-2 text-start break-words whitespace-normal [.text-message+&amp;]:mt-1\" dir=\"auto\" data-message-author-role=\"assistant\" data-message-id=\"11484dc7-176a-4156-8330-866f87b25b23\" data-message-model-slug=\"gpt-5\"><div class=\"flex w-full flex-col gap-1 empty:hidden first:pt-[1px]\"><div class=\"markdown prose dark:prose-invert w-full break-words light markdown-new-styling\"><p data-start=\"0\" data-end=\"666\" data-is-last-node=\"\" data-is-only-node=\"\">La kinesiolog\u00eda neurol\u00f3gica es la especialidad que eval\u00faa, diagnostica y trata trastornos del sistema nervioso para recuperar la movilidad y funcionalidad del paciente. Utiliza t\u00e9cnicas como la facilitaci\u00f3n neuromuscular y ejercicios que estimulan la plasticidad cerebral, favoreciendo la autonom\u00eda y la integraci\u00f3n social.<br data-start=\"323\" data-end=\"326\" \/>Aborda secuelas de lesiones y enfermedades neurol\u00f3gicas como ACV, lesiones medulares, Parkinson o esclerosis m\u00faltiple. Su trabajo incluye la evaluaci\u00f3n individual, la aplicaci\u00f3n de estrategias terap\u00e9uticas espec\u00edficas, la rehabilitaci\u00f3n integral de la marcha y postura, y el fortalecimiento de la funcionalidad e independencia del paciente.<\/p><\/div><\/div><\/div><\/div><div class=\"z-0 flex min-h-[46px] justify-start\">\u00a0<\/div><\/div><\/div><\/article><article class=\"text-token-text-primary w-full focus:outline-none [--shadow-height:45px] has-data-writing-block:pointer-events-none has-data-writing-block:-mt-(--shadow-height) has-data-writing-block:pt-(--shadow-height) [&amp;:has([data-writing-block])&gt;*]:pointer-events-auto scroll-mt-(--header-height)\" dir=\"auto\" data-turn-id=\"8c3444f3-da65-43e2-aa74-585483b8d327\" data-testid=\"conversation-turn-7\" data-scroll-anchor=\"false\" data-turn=\"user\"><h5 class=\"sr-only\">\u00a0<\/h5><\/article>                <\/div>\n                                    <a class=\"fswp-elt--read-more more hide-icon\"\n                        data-height=\"0\"\n                        data-more=\"Leer m\u00e1s\"\n                        data-less=\"Leer menos\">\n                        <span class=\"fswp-elt--read-more-text\">\n                            Leer m\u00e1s                        <\/span>\n                                                                    <\/a>\n                    <\/div><!--read-more-content-wrapper-->\n        <\/div>\n    \t\t\t\t<\/div>\n\t\t\t\t<\/div>\n\t\t\t\t<div class=\"elementor-element elementor-element-66d0bd1 elementor-invisible elementor-widget elementor-widget-fswp-text-unfold\" data-id=\"66d0bd1\" data-element_type=\"widget\" data-settings=\"{&quot;_animation&quot;:&quot;fadeIn&quot;}\" data-widget_type=\"fswp-text-unfold.default\">\n\t\t\t\t<div class=\"elementor-widget-container\">\n\t\t\t\t\t        <div class=\"fswp-elt--read-more-main-wrapper\">\n                    <div class=\"fswp-elt--read-more-image-wrapper\">\n            <img decoding=\"async\" src=\"https:\/\/agusmolinares.com.ar\/wp-23\/wp-content\/uploads\/2025\/11\/Rehabilitacion-Deportiva-scaled.jpg\" \/>\n\n        <\/div><!--read-more-image-wrapper-->\n            <div class=\"fswp-elt--read-more-title-wrapper\">\n            <h3 class=\"fswp-elt--read-more-title\">Rehabilitaci\u00f3n Deportiva <\/h3>        <\/div><!--read-more-title-wrapper-->\n            <div class=\"fswp-elt--read-more-content-wrapper\">\n                            <div class=\"fswp-elt--read-more-content\">\n                    <p>La kinesiolog\u00eda deportiva es una rama especializada que estudia el movimiento humano aplicado al deporte y la actividad f\u00edsica, enfoc\u00e1ndose en prevenir, evaluar, tratar y rehabilitar lesiones en personas activas. Su objetivo principal es optimizar el rendimiento y garantizar un retorno seguro a la actividad.<br data-start=\"309\" data-end=\"312\" \/>El kinesi\u00f3logo deportivo trabaja en la prevenci\u00f3n mediante estudios biomec\u00e1nicos y programas de ejercicio, eval\u00faa la condici\u00f3n f\u00edsica del atleta, aplica tratamientos y t\u00e9cnicas de rehabilitaci\u00f3n, y dise\u00f1a planes de readaptaci\u00f3n para la reintegraci\u00f3n segura al deporte. Adem\u00e1s, educa al atleta sobre postura, t\u00e9cnica y cuidado f\u00edsico.<br data-start=\"645\" data-end=\"648\" \/>A trav\u00e9s de un enfoque integral junto a otros profesionales de la salud, busca mejorar la funcionalidad, la calidad de vida y el rendimiento deportivo.<\/p>                <\/div>\n                                    <a class=\"fswp-elt--read-more more hide-icon\"\n                        data-height=\"0\"\n                        data-more=\"Leer m\u00e1s\"\n                        data-less=\"Leer menos\">\n                        <span class=\"fswp-elt--read-more-text\">\n                            Leer m\u00e1s                        <\/span>\n                                                                    <\/a>\n                    <\/div><!--read-more-content-wrapper-->\n        <\/div>\n    \t\t\t\t<\/div>\n\t\t\t\t<\/div>\n\t\t\t\t\t<\/div>\n\t\t\t\t<\/div>\n\t\t<div class=\"elementor-element elementor-element-3c4ce28 e-grid e-con-boxed elementor-invisible e-con e-parent\" data-id=\"3c4ce28\" data-element_type=\"container\" data-settings=\"{&quot;animation&quot;:&quot;fadeIn&quot;}\">\n\t\t\t\t\t<div class=\"e-con-inner\">\n\t\t\t\t<div class=\"elementor-element elementor-element-8b1cce0 elementor-invisible elementor-widget elementor-widget-fswp-text-unfold\" data-id=\"8b1cce0\" data-element_type=\"widget\" data-settings=\"{&quot;_animation&quot;:&quot;fadeIn&quot;}\" data-widget_type=\"fswp-text-unfold.default\">\n\t\t\t\t<div class=\"elementor-widget-container\">\n\t\t\t\t\t        <div class=\"fswp-elt--read-more-main-wrapper\">\n                    <div class=\"fswp-elt--read-more-image-wrapper\">\n            <img decoding=\"async\" src=\"https:\/\/agusmolinares.com.ar\/wp-23\/wp-content\/uploads\/2025\/11\/Rehabilitacion-en-Psicomotricidad-y-Neurodesarrollo-scaled.jpg\" \/>\n\n        <\/div><!--read-more-image-wrapper-->\n            <div class=\"fswp-elt--read-more-title-wrapper\">\n            <h3 class=\"fswp-elt--read-more-title\">Rehabilitaci\u00f3n en Psicomotricidad y Neurodesarrollo<\/h3>        <\/div><!--read-more-title-wrapper-->\n            <div class=\"fswp-elt--read-more-content-wrapper\">\n                            <div class=\"fswp-elt--read-more-content\">\n                    <p>La kinesiolog\u00eda aplicada a la psicomotricidad y la estimulaci\u00f3n temprana se centra en el desarrollo motor, la postura y el movimiento para favorecer el crecimiento integral del ni\u00f1o.<br data-start=\"182\" data-end=\"185\" \/>El kinesi\u00f3logo trabaja con beb\u00e9s y ni\u00f1os hasta los 6 a\u00f1os, integrando aspectos f\u00edsicos, emocionales y cognitivos para promover un desarrollo saludable.<br data-start=\"336\" data-end=\"339\" \/>Sus funciones incluyen evaluar el perfil psicomotor, dise\u00f1ar programas de estimulaci\u00f3n y rehabilitaci\u00f3n mediante el juego, prevenir trastornos del desarrollo a trav\u00e9s de la orientaci\u00f3n a las familias y abordar al ni\u00f1o desde una mirada integral que une cuerpo, mente y entorno.<\/p>                <\/div>\n                                    <a class=\"fswp-elt--read-more more hide-icon\"\n                        data-height=\"0\"\n                        data-more=\"Leer m\u00e1s\"\n                        data-less=\"Leer menos\">\n                        <span class=\"fswp-elt--read-more-text\">\n                            Leer m\u00e1s                        <\/span>\n                                                                    <\/a>\n                    <\/div><!--read-more-content-wrapper-->\n        <\/div>\n    \t\t\t\t<\/div>\n\t\t\t\t<\/div>\n\t\t\t\t<div class=\"elementor-element elementor-element-0ff28b0 elementor-invisible elementor-widget elementor-widget-fswp-text-unfold\" data-id=\"0ff28b0\" data-element_type=\"widget\" data-settings=\"{&quot;_animation&quot;:&quot;fadeIn&quot;}\" data-widget_type=\"fswp-text-unfold.default\">\n\t\t\t\t<div class=\"elementor-widget-container\">\n\t\t\t\t\t        <div class=\"fswp-elt--read-more-main-wrapper\">\n                    <div class=\"fswp-elt--read-more-image-wrapper\">\n            <img decoding=\"async\" src=\"https:\/\/agusmolinares.com.ar\/wp-23\/wp-content\/uploads\/2025\/11\/Rehabilitacion-Vestibular-scaled.jpg\" \/>\n\n        <\/div><!--read-more-image-wrapper-->\n            <div class=\"fswp-elt--read-more-title-wrapper\">\n            <h3 class=\"fswp-elt--read-more-title\">Rehabilitaci\u00f3n Vestibular<\/h3>        <\/div><!--read-more-title-wrapper-->\n            <div class=\"fswp-elt--read-more-content-wrapper\">\n                            <div class=\"fswp-elt--read-more-content\">\n                    <div class=\"text-base my-auto mx-auto pb-10 [--thread-content-margin:--spacing(4)] thread-sm:[--thread-content-margin:--spacing(6)] thread-lg:[--thread-content-margin:--spacing(16)] px-(--thread-content-margin)\"><div class=\"[--thread-content-max-width:40rem] thread-lg:[--thread-content-max-width:48rem] mx-auto max-w-(--thread-content-max-width) flex-1 group\/turn-messages focus-visible:outline-hidden relative flex w-full min-w-0 flex-col agent-turn\"><div class=\"flex max-w-full flex-col grow\"><div class=\"min-h-8 text-message relative flex w-full flex-col items-end gap-2 text-start break-words whitespace-normal [.text-message+&amp;]:mt-1\" dir=\"auto\" data-message-author-role=\"assistant\" data-message-id=\"ad07dbf4-eb80-44e0-8f6c-12e6193c78cf\" data-message-model-slug=\"gpt-5\"><div class=\"flex w-full flex-col gap-1 empty:hidden first:pt-[1px]\"><div class=\"markdown prose dark:prose-invert w-full break-words light markdown-new-styling\"><p data-start=\"0\" data-end=\"565\" data-is-last-node=\"\" data-is-only-node=\"\">La kinesiolog\u00eda y rehabilitaci\u00f3n vestibular consiste en tratamientos personalizados con ejercicios para controlar el mareo, el v\u00e9rtigo y los trastornos del equilibrio, buscando restablecer la estabilidad postural y la vida cotidiana del paciente.<br data-start=\"246\" data-end=\"249\" \/>El kinesi\u00f3logo eval\u00faa los s\u00edntomas y el control postural, dise\u00f1a programas de ejercicios adaptados y trabaja en la reeducaci\u00f3n del equilibrio mediante la estimulaci\u00f3n de los sistemas visual, vestibular y somatosensorial, aprovechando la plasticidad del sistema nervioso para compensar la funci\u00f3n vestibular afectada.<\/p><\/div><\/div><\/div><\/div><\/div><\/div>                <\/div>\n                                    <a class=\"fswp-elt--read-more more hide-icon\"\n                        data-height=\"0\"\n                        data-more=\"Leer m\u00e1s\"\n                        data-less=\"Leer menos\">\n                        <span class=\"fswp-elt--read-more-text\">\n                            Leer m\u00e1s                        <\/span>\n                                                                    <\/a>\n                    <\/div><!--read-more-content-wrapper-->\n        <\/div>\n    \t\t\t\t<\/div>\n\t\t\t\t<\/div>\n\t\t\t\t<div class=\"elementor-element elementor-element-263f974 elementor-invisible elementor-widget elementor-widget-fswp-text-unfold\" data-id=\"263f974\" data-element_type=\"widget\" data-settings=\"{&quot;_animation&quot;:&quot;fadeIn&quot;}\" data-widget_type=\"fswp-text-unfold.default\">\n\t\t\t\t<div class=\"elementor-widget-container\">\n\t\t\t\t\t        <div class=\"fswp-elt--read-more-main-wrapper\">\n                    <div class=\"fswp-elt--read-more-image-wrapper\">\n            <img decoding=\"async\" src=\"https:\/\/agusmolinares.com.ar\/wp-23\/wp-content\/uploads\/2025\/11\/Ergonomia-e-Higiene-laboral-scaled.jpg\" \/>\n\n        <\/div><!--read-more-image-wrapper-->\n            <div class=\"fswp-elt--read-more-title-wrapper\">\n            <h3 class=\"fswp-elt--read-more-title\">Ergonom\u00eda e Higiene laboral<\/h3>        <\/div><!--read-more-title-wrapper-->\n            <div class=\"fswp-elt--read-more-content-wrapper\">\n                            <div class=\"fswp-elt--read-more-content\">\n                    <div class=\"text-base my-auto mx-auto pb-10 [--thread-content-margin:--spacing(4)] thread-sm:[--thread-content-margin:--spacing(6)] thread-lg:[--thread-content-margin:--spacing(16)] px-(--thread-content-margin)\"><div class=\"[--thread-content-max-width:40rem] thread-lg:[--thread-content-max-width:48rem] mx-auto max-w-(--thread-content-max-width) flex-1 group\/turn-messages focus-visible:outline-hidden relative flex w-full min-w-0 flex-col agent-turn\"><div class=\"flex max-w-full flex-col grow\"><div class=\"min-h-8 text-message relative flex w-full flex-col items-end gap-2 text-start break-words whitespace-normal [.text-message+&amp;]:mt-1\" dir=\"auto\" data-message-author-role=\"assistant\" data-message-id=\"ad07dbf4-eb80-44e0-8f6c-12e6193c78cf\" data-message-model-slug=\"gpt-5\"><div class=\"flex w-full flex-col gap-1 empty:hidden first:pt-[1px]\"><div class=\"markdown prose dark:prose-invert w-full break-words light markdown-new-styling\"><p data-start=\"0\" data-end=\"565\" data-is-last-node=\"\" data-is-only-node=\"\">La kinesiolog\u00eda ocupacional y laboral se especializa en promover la salud, el rendimiento y la seguridad en el trabajo mediante la prevenci\u00f3n, tratamiento y rehabilitaci\u00f3n de lesiones musculoesquel\u00e9ticas.<br data-start=\"204\" data-end=\"207\" \/>Trabaja junto a la ergonom\u00eda para adaptar los puestos laborales a las capacidades de las personas, prevenir trastornos por sobrecarga y facilitar la reincorporaci\u00f3n tras una lesi\u00f3n.<br data-start=\"388\" data-end=\"391\" \/>Sus objetivos incluyen adaptar el entorno de trabajo, promover la salud con pausas activas y ejercicios posturales, mejorar la productividad desde una mirada biomec\u00e1nica, rehabilitar a los trabajadores lesionados y asesorar a las empresas para crear ambientes laborales seguros y saludables.<\/p><\/div><\/div><\/div><\/div><\/div><\/div>                <\/div>\n                                    <a class=\"fswp-elt--read-more more hide-icon\"\n                        data-height=\"0\"\n                        data-more=\"Leer m\u00e1s\"\n                        data-less=\"Leer menos\">\n                        <span class=\"fswp-elt--read-more-text\">\n                            Leer m\u00e1s                        <\/span>\n                                                                    <\/a>\n                    <\/div><!--read-more-content-wrapper-->\n        <\/div>\n    \t\t\t\t<\/div>\n\t\t\t\t<\/div>\n\t\t\t\t\t<\/div>\n\t\t\t\t<\/div>\n\t\t<div class=\"elementor-element elementor-element-e122a87 e-grid e-con-boxed elementor-invisible e-con e-parent\" data-id=\"e122a87\" data-element_type=\"container\" data-settings=\"{&quot;animation&quot;:&quot;fadeIn&quot;}\">\n\t\t\t\t\t<div class=\"e-con-inner\">\n\t\t\t\t<div class=\"elementor-element elementor-element-b8b80c7 elementor-invisible elementor-widget elementor-widget-fswp-text-unfold\" data-id=\"b8b80c7\" data-element_type=\"widget\" data-settings=\"{&quot;_animation&quot;:&quot;fadeIn&quot;}\" data-widget_type=\"fswp-text-unfold.default\">\n\t\t\t\t<div class=\"elementor-widget-container\">\n\t\t\t\t\t        <div class=\"fswp-elt--read-more-main-wrapper\">\n                    <div class=\"fswp-elt--read-more-image-wrapper\">\n            <img decoding=\"async\" src=\"https:\/\/agusmolinares.com.ar\/wp-23\/wp-content\/uploads\/2025\/11\/Rehabilitacion-Estetica-y-Dermato-Funcional-scaled.jpg\" \/>\n\n        <\/div><!--read-more-image-wrapper-->\n            <div class=\"fswp-elt--read-more-title-wrapper\">\n            <h3 class=\"fswp-elt--read-more-title\">Rehabilitaci\u00f3n Est\u00e9tica y Dermato-Funcional<\/h3>        <\/div><!--read-more-title-wrapper-->\n            <div class=\"fswp-elt--read-more-content-wrapper\">\n                            <div class=\"fswp-elt--read-more-content\">\n                    <div class=\"text-base my-auto mx-auto pb-10 [--thread-content-margin:--spacing(4)] thread-sm:[--thread-content-margin:--spacing(6)] thread-lg:[--thread-content-margin:--spacing(16)] px-(--thread-content-margin)\"><div class=\"[--thread-content-max-width:40rem] thread-lg:[--thread-content-max-width:48rem] mx-auto max-w-(--thread-content-max-width) flex-1 group\/turn-messages focus-visible:outline-hidden relative flex w-full min-w-0 flex-col agent-turn\"><div class=\"flex max-w-full flex-col grow\"><div class=\"min-h-8 text-message relative flex w-full flex-col items-end gap-2 text-start break-words whitespace-normal [.text-message+&amp;]:mt-1\" dir=\"auto\" data-message-author-role=\"assistant\" data-message-id=\"ad07dbf4-eb80-44e0-8f6c-12e6193c78cf\" data-message-model-slug=\"gpt-5\"><div class=\"flex w-full flex-col gap-1 empty:hidden first:pt-[1px]\"><div class=\"markdown prose dark:prose-invert w-full break-words light markdown-new-styling\"><p data-start=\"0\" data-end=\"565\" data-is-last-node=\"\" data-is-only-node=\"\">La kinesiolog\u00eda est\u00e9tica o dermatofuncional es una especialidad que emplea t\u00e9cnicas kin\u00e9sicas y aparatolog\u00eda para mejorar la salud y apariencia de la piel y el cuerpo. Su objetivo es promover el bienestar a trav\u00e9s del cuidado est\u00e9tico, tratando afecciones como flacidez, celulitis, estr\u00edas, grasa localizada y envejecimiento cut\u00e1neo.<br data-start=\"333\" data-end=\"336\" \/>Incluye tratamientos faciales y corporales, drenaje linf\u00e1tico, y preparaci\u00f3n pre y postquir\u00fargica, favoreciendo la regeneraci\u00f3n y funcionalidad de los tejidos.<\/p><\/div><\/div><\/div><\/div><\/div><\/div>                <\/div>\n                                    <a class=\"fswp-elt--read-more more hide-icon\"\n                        data-height=\"0\"\n                        data-more=\"Leer m\u00e1s\"\n                        data-less=\"Leer menos\">\n                        <span class=\"fswp-elt--read-more-text\">\n                            Leer m\u00e1s                        <\/span>\n                                                                    <\/a>\n                    <\/div><!--read-more-content-wrapper-->\n        <\/div>\n    \t\t\t\t<\/div>\n\t\t\t\t<\/div>\n\t\t\t\t<div class=\"elementor-element elementor-element-998137d elementor-invisible elementor-widget elementor-widget-fswp-text-unfold\" data-id=\"998137d\" data-element_type=\"widget\" data-settings=\"{&quot;_animation&quot;:&quot;fadeIn&quot;}\" data-widget_type=\"fswp-text-unfold.default\">\n\t\t\t\t<div class=\"elementor-widget-container\">\n\t\t\t\t\t        <div class=\"fswp-elt--read-more-main-wrapper\">\n                    <div class=\"fswp-elt--read-more-image-wrapper\">\n            <img decoding=\"async\" src=\"https:\/\/agusmolinares.com.ar\/wp-23\/wp-content\/uploads\/2025\/11\/Rehabilitacion-Cardiorrespiratoria-1-scaled.jpg\" \/>\n\n        <\/div><!--read-more-image-wrapper-->\n            <div class=\"fswp-elt--read-more-title-wrapper\">\n            <h3 class=\"fswp-elt--read-more-title\">Rehabilitaci\u00f3n Cardiorrespiratoria<\/h3>        <\/div><!--read-more-title-wrapper-->\n            <div class=\"fswp-elt--read-more-content-wrapper\">\n                            <div class=\"fswp-elt--read-more-content\">\n                    <p>La kinesiolog\u00eda cardiorrespiratoria se especializa en evaluar, tratar y rehabilitar afecciones de los sistemas respiratorio y cardiovascular.<br data-start=\"141\" data-end=\"144\" \/>Mediante ejercicios respiratorios, drenaje postural y rehabilitaci\u00f3n f\u00edsica, busca mejorar la funci\u00f3n pulmonar y card\u00edaca en pacientes con enfermedades cr\u00f3nicas, postquir\u00fargicos o con secuelas de patolog\u00edas como el COVID-19.<br data-start=\"368\" data-end=\"371\" \/>Sus objetivos son optimizar la ventilaci\u00f3n y el intercambio gaseoso, eliminar secreciones, reducir s\u00edntomas respiratorios, prevenir y tratar enfermedades card\u00edacas y pulmonares, y aumentar la tolerancia al esfuerzo y la calidad de vida.<\/p>                <\/div>\n                                    <a class=\"fswp-elt--read-more more hide-icon\"\n                        data-height=\"0\"\n                        data-more=\"Leer m\u00e1s\"\n                        data-less=\"Leer menos\">\n                        <span class=\"fswp-elt--read-more-text\">\n                            Leer m\u00e1s                        <\/span>\n                                                                    <\/a>\n                    <\/div><!--read-more-content-wrapper-->\n        <\/div>\n    \t\t\t\t<\/div>\n\t\t\t\t<\/div>\n\t\t\t\t<div class=\"elementor-element elementor-element-a066490 elementor-invisible elementor-widget elementor-widget-fswp-text-unfold\" data-id=\"a066490\" data-element_type=\"widget\" data-settings=\"{&quot;_animation&quot;:&quot;fadeIn&quot;}\" data-widget_type=\"fswp-text-unfold.default\">\n\t\t\t\t<div class=\"elementor-widget-container\">\n\t\t\t\t\t        <div class=\"fswp-elt--read-more-main-wrapper\">\n                    <div class=\"fswp-elt--read-more-image-wrapper\">\n            <img decoding=\"async\" src=\"https:\/\/agusmolinares.com.ar\/wp-23\/wp-content\/uploads\/2025\/11\/Kinefilaxia-y-Actividad-fisica-para-la-salud-scaled-e1762641178163.jpg\" \/>\n\n        <\/div><!--read-more-image-wrapper-->\n            <div class=\"fswp-elt--read-more-title-wrapper\">\n            <h3 class=\"fswp-elt--read-more-title\">Kinefilaxia y Actividad f\u00edsica para la salud<\/h3>        <\/div><!--read-more-title-wrapper-->\n            <div class=\"fswp-elt--read-more-content-wrapper\">\n                            <div class=\"fswp-elt--read-more-content\">\n                    <div class=\"text-base my-auto mx-auto pb-10 [--thread-content-margin:--spacing(4)] thread-sm:[--thread-content-margin:--spacing(6)] thread-lg:[--thread-content-margin:--spacing(16)] px-(--thread-content-margin)\"><div class=\"[--thread-content-max-width:40rem] thread-lg:[--thread-content-max-width:48rem] mx-auto max-w-(--thread-content-max-width) flex-1 group\/turn-messages focus-visible:outline-hidden relative flex w-full min-w-0 flex-col agent-turn\"><div class=\"flex max-w-full flex-col grow\"><div class=\"min-h-8 text-message relative flex w-full flex-col items-end gap-2 text-start break-words whitespace-normal [.text-message+&amp;]:mt-1\" dir=\"auto\" data-message-author-role=\"assistant\" data-message-id=\"0047c8a9-c49c-4a15-99a4-e2a45bb2db90\" data-message-model-slug=\"gpt-5\"><div class=\"flex w-full flex-col gap-1 empty:hidden first:pt-[1px]\"><div class=\"markdown prose dark:prose-invert w-full break-words light markdown-new-styling\"><p data-start=\"0\" data-end=\"815\" data-is-last-node=\"\" data-is-only-node=\"\">Kinefilaxia y Actividad F\u00edsica para la Salud es el \u00e1rea de la kinesiolog\u00eda enfocada en la prevenci\u00f3n y el cuidado de la salud a trav\u00e9s del movimiento corporal voluntario.<br data-start=\"174\" data-end=\"177\" \/>Promueve la actividad f\u00edsica como herramienta para prevenir lesiones, mejorar la postura y favorecer el bienestar general, tanto en personas sanas como en aquellas en proceso de rehabilitaci\u00f3n.<br data-start=\"370\" data-end=\"373\" \/>Se basa en principios como la prevenci\u00f3n de disfunciones musculares, el movimiento consciente que integra cuerpo y mente, el enfoque hol\u00edstico que considera la postura, la ergonom\u00eda y los h\u00e1bitos diarios, y la educaci\u00f3n para que cada persona aprenda a moverse de manera saludable.<br data-start=\"669\" data-end=\"672\" \/>Su objetivo es mejorar la calidad de vida mediante el movimiento y fomentar una relaci\u00f3n activa, equilibrada y sostenible con el propio cuerpo.<\/p><\/div><\/div><\/div><\/div><\/div><\/div>                <\/div>\n                                    <a class=\"fswp-elt--read-more more hide-icon\"\n                        data-height=\"0\"\n                        data-more=\"Leer m\u00e1s\"\n                        data-less=\"Leer menos\">\n                        <span class=\"fswp-elt--read-more-text\">\n                            Leer m\u00e1s                        <\/span>\n                                                                    <\/a>\n                    <\/div><!--read-more-content-wrapper-->\n        <\/div>\n    \t\t\t\t<\/div>\n\t\t\t\t<\/div>\n\t\t\t\t\t<\/div>\n\t\t\t\t<\/div>\n\t\t<div class=\"elementor-element elementor-element-1be8b8f e-grid e-con-boxed elementor-invisible e-con e-parent\" data-id=\"1be8b8f\" data-element_type=\"container\" data-settings=\"{&quot;animation&quot;:&quot;fadeIn&quot;}\">\n\t\t\t\t\t<div class=\"e-con-inner\">\n\t\t\t\t<div class=\"elementor-element elementor-element-8793c36 elementor-invisible elementor-widget elementor-widget-fswp-text-unfold\" data-id=\"8793c36\" data-element_type=\"widget\" data-settings=\"{&quot;_animation&quot;:&quot;fadeIn&quot;}\" data-widget_type=\"fswp-text-unfold.default\">\n\t\t\t\t<div class=\"elementor-widget-container\">\n\t\t\t\t\t        <div class=\"fswp-elt--read-more-main-wrapper\">\n                    <div class=\"fswp-elt--read-more-image-wrapper\">\n            <img decoding=\"async\" src=\"https:\/\/agusmolinares.com.ar\/wp-23\/wp-content\/uploads\/2025\/11\/Rehabilitacion-Geriatrica-1-scaled.jpg\" \/>\n\n        <\/div><!--read-more-image-wrapper-->\n            <div class=\"fswp-elt--read-more-title-wrapper\">\n            <h3 class=\"fswp-elt--read-more-title\">Rehabilitaci\u00f3n Geri\u00e1trica<\/h3>        <\/div><!--read-more-title-wrapper-->\n            <div class=\"fswp-elt--read-more-content-wrapper\">\n                            <div class=\"fswp-elt--read-more-content\">\n                    <p>La kinesiolog\u00eda geri\u00e1trica es una especialidad dedicada a la prevenci\u00f3n, tratamiento y rehabilitaci\u00f3n de adultos mayores, con el objetivo de mejorar su capacidad f\u00edsica, mantener la independencia y elevar su calidad de vida.<br data-start=\"224\" data-end=\"227\" \/>A trav\u00e9s de programas personalizados, el kinesi\u00f3logo trabaja en el fortalecimiento muscular, la mejora del equilibrio y la marcha, el alivio del dolor y la promoci\u00f3n de h\u00e1bitos saludables.<br data-start=\"415\" data-end=\"418\" \/>Este abordaje resulta esencial para prevenir ca\u00eddas y el deterioro funcional propio del envejecimiento.<br data-start=\"521\" data-end=\"524\" \/>Entre sus principales objetivos se destacan: mejorar la movilidad para favorecer la seguridad al desplazarse; prevenir ca\u00eddas mediante ejercicios espec\u00edficos; aliviar el dolor con terapias manuales y agentes f\u00edsicos; mantener la autonom\u00eda en las actividades diarias y fomentar un envejecimiento activo y saludable.<\/p>                <\/div>\n                                    <a class=\"fswp-elt--read-more more hide-icon\"\n                        data-height=\"0\"\n                        data-more=\"Leer m\u00e1s\"\n                        data-less=\"Leer menos\">\n                        <span class=\"fswp-elt--read-more-text\">\n                            Leer m\u00e1s                        <\/span>\n                                                                    <\/a>\n                    <\/div><!--read-more-content-wrapper-->\n        <\/div>\n    \t\t\t\t<\/div>\n\t\t\t\t<\/div>\n\t\t\t\t<div class=\"elementor-element elementor-element-de615ae elementor-invisible elementor-widget elementor-widget-fswp-text-unfold\" data-id=\"de615ae\" data-element_type=\"widget\" data-settings=\"{&quot;_animation&quot;:&quot;fadeIn&quot;}\" data-widget_type=\"fswp-text-unfold.default\">\n\t\t\t\t<div class=\"elementor-widget-container\">\n\t\t\t\t\t        <div class=\"fswp-elt--read-more-main-wrapper\">\n                    <div class=\"fswp-elt--read-more-image-wrapper\">\n            <img decoding=\"async\" src=\"https:\/\/agusmolinares.com.ar\/wp-23\/wp-content\/uploads\/2025\/11\/Rehabilitacion-Pediatrica-general-scaled.jpg\" \/>\n\n        <\/div><!--read-more-image-wrapper-->\n            <div class=\"fswp-elt--read-more-title-wrapper\">\n            <h3 class=\"fswp-elt--read-more-title\">Rehabilitaci\u00f3n Pedi\u00e1trica general<\/h3>        <\/div><!--read-more-title-wrapper-->\n            <div class=\"fswp-elt--read-more-content-wrapper\">\n                            <div class=\"fswp-elt--read-more-content\">\n                    <p data-start=\"0\" data-end=\"345\">La Kinesiolog\u00eda Pedi\u00e1trica se centra en promover la salud, prevenir y rehabilitar afecciones en reci\u00e9n nacidos, lactantes y ni\u00f1os, favoreciendo su desarrollo integral y su participaci\u00f3n en la vida cotidiana.<br \/>El kinesi\u00f3logo pedi\u00e1trico trabaja junto a otros profesionales para potenciar las capacidades del ni\u00f1o y acompa\u00f1ar su crecimiento.<br \/>Sus principales \u00e1reas de abordaje son: La neurol\u00f3gica, que trata trastornos del sistema nervioso como par\u00e1lisis cerebral o retrasos en el desarrollo motor. La respiratoria, enfocada en enfermedades como asma, neumon\u00edas o fibrosis qu\u00edstica. La musculoesquel\u00e9tica y ortop\u00e9dica, que corrige alteraciones posturales o lesiones. Y la estimulaci\u00f3n temprana, dirigida a beb\u00e9s prematuros o con patolog\u00edas cong\u00e9nitas para favorecer su desarrollo desde los primeros\u00a0meses\u00a0de\u00a0vida.<\/p>                <\/div>\n                                    <a class=\"fswp-elt--read-more more hide-icon\"\n                        data-height=\"0\"\n                        data-more=\"Leer m\u00e1s\"\n                        data-less=\"Leer menos\">\n                        <span class=\"fswp-elt--read-more-text\">\n                            Leer m\u00e1s                        <\/span>\n                                                                    <\/a>\n                    <\/div><!--read-more-content-wrapper-->\n        <\/div>\n    \t\t\t\t<\/div>\n\t\t\t\t<\/div>\n\t\t\t\t<div class=\"elementor-element elementor-element-bfdf35c elementor-invisible elementor-widget elementor-widget-fswp-text-unfold\" data-id=\"bfdf35c\" data-element_type=\"widget\" data-settings=\"{&quot;_animation&quot;:&quot;fadeIn&quot;}\" data-widget_type=\"fswp-text-unfold.default\">\n\t\t\t\t<div class=\"elementor-widget-container\">\n\t\t\t\t\t        <div class=\"fswp-elt--read-more-main-wrapper\">\n                    <div class=\"fswp-elt--read-more-image-wrapper\">\n            <img decoding=\"async\" src=\"https:\/\/agusmolinares.com.ar\/wp-23\/wp-content\/uploads\/2025\/11\/Kinesiologia-urogenital-y-piso-pelvico-scaled.jpg\" \/>\n\n        <\/div><!--read-more-image-wrapper-->\n            <div class=\"fswp-elt--read-more-title-wrapper\">\n            <h3 class=\"fswp-elt--read-more-title\">Rehabilitacion urogenital y piso p\u00e9lvico<\/h3>        <\/div><!--read-more-title-wrapper-->\n            <div class=\"fswp-elt--read-more-content-wrapper\">\n                            <div class=\"fswp-elt--read-more-content\">\n                    <p data-start=\"0\" data-end=\"549\">La kinesiolog\u00eda urogenital y del piso p\u00e9lvico se dedica al diagn\u00f3stico, prevenci\u00f3n y rehabilitaci\u00f3n de disfunciones en esta zona muscular, que sostiene \u00f3rganos como la vejiga, el \u00fatero y el recto. Trata afecciones como la incontinencia, los prolapsos, el dolor p\u00e9lvico cr\u00f3nico y las disfunciones sexuales mediante ejercicios espec\u00edficos, reeducaci\u00f3n muscular y t\u00e9cnicas como biofeedback, electroestimulaci\u00f3n o terapia manual.<br \/>El kinesi\u00f3logo eval\u00faa la fuerza y funci\u00f3n del suelo p\u00e9lvico, ense\u00f1a al paciente a reconocer y activar correctamente sus m\u00fasculos y gu\u00eda el entrenamiento para mejorar el control y la fuerza.<br \/>Este abordaje se aplica tanto en mujeres, especialmente en embarazo y postparto, como en hombres, ayudando a prevenir o tratar incontinencia, disfunciones sexuales y problemas posteriores a cirug\u00edas\u00a0de\u00a0pr\u00f3stata.<\/p>                <\/div>\n                                    <a class=\"fswp-elt--read-more more hide-icon\"\n                        data-height=\"0\"\n                        data-more=\"Leer m\u00e1s\"\n                        data-less=\"Leer menos\">\n                        <span class=\"fswp-elt--read-more-text\">\n                            Leer m\u00e1s                        <\/span>\n                                                                    <\/a>\n                    <\/div><!--read-more-content-wrapper-->\n        <\/div>\n    \t\t\t\t<\/div>\n\t\t\t\t<\/div>\n\t\t\t\t\t<\/div>\n\t\t\t\t<\/div>\n\t\t<div class=\"elementor-element elementor-element-7db4544 e-grid e-con-boxed elementor-invisible e-con e-parent\" data-id=\"7db4544\" data-element_type=\"container\" data-settings=\"{&quot;animation&quot;:&quot;fadeIn&quot;}\">\n\t\t\t\t\t<div class=\"e-con-inner\">\n\t\t\t\t<div class=\"elementor-element elementor-element-d95137c elementor-invisible elementor-widget elementor-widget-fswp-text-unfold\" data-id=\"d95137c\" data-element_type=\"widget\" data-settings=\"{&quot;_animation&quot;:&quot;fadeIn&quot;}\" data-widget_type=\"fswp-text-unfold.default\">\n\t\t\t\t<div class=\"elementor-widget-container\">\n\t\t\t\t\t        <div class=\"fswp-elt--read-more-main-wrapper\">\n                    <div class=\"fswp-elt--read-more-image-wrapper\">\n            <img decoding=\"async\" src=\"https:\/\/agusmolinares.com.ar\/wp-23\/wp-content\/uploads\/2025\/11\/Rehabilitacion-Postural-scaled.jpg\" \/>\n\n        <\/div><!--read-more-image-wrapper-->\n            <div class=\"fswp-elt--read-more-title-wrapper\">\n            <h3 class=\"fswp-elt--read-more-title\">Rehabilitaci\u00f3n Postural<\/h3>        <\/div><!--read-more-title-wrapper-->\n            <div class=\"fswp-elt--read-more-content-wrapper\">\n                            <div class=\"fswp-elt--read-more-content\">\n                    <p>La rehabilitaci\u00f3n postural es un \u00e1rea disciplinar de la kinesiolog\u00eda que se enfoca en corregir alteraciones posturales y problemas m\u00fasculo-esquel\u00e9ticos mediante t\u00e9cnicas especiales y ejercicios. <br \/>El objetivo de \u00e9sta especialidad de la kinesiolog\u00eda es mejorar la postura y la alineaci\u00f3n corporal, corrigiendo malas posturas (por ejemplo los hombros ca\u00eddos), o tratando patolog\u00edas asociadas a estas alteraciones (como la escoliosis).<br \/>\u00c9ste trabajo aumenta la conciencia corporal, alivia el dolor generado por las malas posturas, reduce el estr\u00e9s y la ansiedad, y contribuye a un bienestar\u00a0general.<\/p>                <\/div>\n                                    <a class=\"fswp-elt--read-more more hide-icon\"\n                        data-height=\"0\"\n                        data-more=\"Leer m\u00e1s\"\n                        data-less=\"Leer menos\">\n                        <span class=\"fswp-elt--read-more-text\">\n                            Leer m\u00e1s                        <\/span>\n                                                                    <\/a>\n                    <\/div><!--read-more-content-wrapper-->\n        <\/div>\n    \t\t\t\t<\/div>\n\t\t\t\t<\/div>\n\t\t\t\t<div class=\"elementor-element elementor-element-a56ee80 elementor-invisible elementor-widget elementor-widget-fswp-text-unfold\" data-id=\"a56ee80\" data-element_type=\"widget\" data-settings=\"{&quot;_animation&quot;:&quot;fadeIn&quot;}\" data-widget_type=\"fswp-text-unfold.default\">\n\t\t\t\t<div class=\"elementor-widget-container\">\n\t\t\t\t\t        <div class=\"fswp-elt--read-more-main-wrapper\">\n                    <div class=\"fswp-elt--read-more-image-wrapper\">\n            <img decoding=\"async\" src=\"https:\/\/agusmolinares.com.ar\/wp-23\/wp-content\/uploads\/2025\/11\/Prevencion-de-lesiones-scaled.jpg\" \/>\n\n        <\/div><!--read-more-image-wrapper-->\n            <div class=\"fswp-elt--read-more-title-wrapper\">\n            <h3 class=\"fswp-elt--read-more-title\">Kinesiolog\u00eda y Prevenci\u00f3n de lesiones<\/h3>        <\/div><!--read-more-title-wrapper-->\n            <div class=\"fswp-elt--read-more-content-wrapper\">\n                            <div class=\"fswp-elt--read-more-content\">\n                    <p>A trav\u00e9s de la evaluaci\u00f3n del deportista se busca identificar puntos \u201cd\u00e9biles\u201d en la capacidad de movimiento del deportista para luego dise\u00f1ar programas de ejercicio personalizados, buscando minimizar los factores predisponentes que pueden llevar al deportista a sufrir una lesi\u00f3n.<br \/>El enfoque integral de la prevenci\u00f3n de lesiones, abordado desde \u00e1reas disciplinares de la profesi\u00f3n como la Kinesiolog\u00eda Deportiva y desde la Kinefilaxia tambi\u00e9n abarca la ense\u00f1anza\/aprendizaje de la t\u00e9cnica correcta, el uso adecuado de equipo protector y el manejo del descanso y la nutrici\u00f3n para evitar la fatiga y el sobreentrenamiento. El desarrollo de \u00e9ste \u00e1rea tambi\u00e9n incluye la aplicaci\u00f3n de ejercicios de entrada en calor y activaci\u00f3n, estiramientos y entrenamiento\u00a0de\u00a0fuerza.<\/p>                <\/div>\n                                    <a class=\"fswp-elt--read-more more hide-icon\"\n                        data-height=\"0\"\n                        data-more=\"Leer m\u00e1s\"\n                        data-less=\"Leer menos\">\n                        <span class=\"fswp-elt--read-more-text\">\n                            Leer m\u00e1s                        <\/span>\n                                                                    <\/a>\n                    <\/div><!--read-more-content-wrapper-->\n        <\/div>\n    \t\t\t\t<\/div>\n\t\t\t\t<\/div>\n\t\t\t\t<div class=\"elementor-element elementor-element-ea03712 elementor-invisible elementor-widget elementor-widget-fswp-text-unfold\" data-id=\"ea03712\" data-element_type=\"widget\" data-settings=\"{&quot;_animation&quot;:&quot;fadeIn&quot;}\" data-widget_type=\"fswp-text-unfold.default\">\n\t\t\t\t<div class=\"elementor-widget-container\">\n\t\t\t\t\t        <div class=\"fswp-elt--read-more-main-wrapper\">\n                    <div class=\"fswp-elt--read-more-image-wrapper\">\n            <img decoding=\"async\" src=\"https:\/\/agusmolinares.com.ar\/wp-23\/wp-content\/uploads\/2025\/11\/kid-y-su-padre-haciendo-deporte-en-casa-2-scaled.jpg\" \/>\n\n        <\/div><!--read-more-image-wrapper-->\n            <div class=\"fswp-elt--read-more-title-wrapper\">\n            <h3 class=\"fswp-elt--read-more-title\">Atenci\u00f3n Primaria en Salud<\/h3>        <\/div><!--read-more-title-wrapper-->\n            <div class=\"fswp-elt--read-more-content-wrapper\">\n                            <div class=\"fswp-elt--read-more-content\">\n                    <p>La kinesiolog\u00eda en la Atenci\u00f3n Primaria de la Salud (APS) cumple un rol clave en la promoci\u00f3n y prevenci\u00f3n de enfermedades, integrando al kinesi\u00f3logo en equipos multidisciplinarios que trabajan con la comunidad. Su labor va m\u00e1s all\u00e1 de la rehabilitaci\u00f3n, enfoc\u00e1ndose en la educaci\u00f3n para la salud, la promoci\u00f3n de h\u00e1bitos activos y programas de ejercicio preventivo para patolog\u00edas como hipertensi\u00f3n o diabetes, mejorando as\u00ed la calidad de vida de manera integral.<br \/>El kinesi\u00f3logo act\u00faa en tres niveles de prevenci\u00f3n: en la primaria, fomenta h\u00e1bitos saludables y evita factores de riesgo; en la secundaria, detecta y trata alteraciones tempranas mediante evaluaciones y programas de reeducaci\u00f3n funcional; y en la terciaria, se enfoca en la rehabilitaci\u00f3n y manejo de enfermedades cr\u00f3nicas, ayudando a reducir complicaciones y recuperar la\u00a0funcionalidad.<\/p>                <\/div>\n                                    <a class=\"fswp-elt--read-more more hide-icon\"\n                        data-height=\"0\"\n                        data-more=\"Leer m\u00e1s\"\n                        data-less=\"Leer menos\">\n                        <span class=\"fswp-elt--read-more-text\">\n                            Leer m\u00e1s                        <\/span>\n                                                                    <\/a>\n                    <\/div><!--read-more-content-wrapper-->\n        <\/div>\n    \t\t\t\t<\/div>\n\t\t\t\t<\/div>\n\t\t\t\t\t<\/div>\n\t\t\t\t<\/div>\n\t\t<div class=\"elementor-element elementor-element-cdf5afd e-grid e-con-boxed elementor-invisible e-con e-parent\" data-id=\"cdf5afd\" data-element_type=\"container\" data-settings=\"{&quot;animation&quot;:&quot;fadeIn&quot;}\">\n\t\t\t\t\t<div class=\"e-con-inner\">\n\t\t\t\t<div class=\"elementor-element elementor-element-b8a8323 elementor-invisible elementor-widget elementor-widget-fswp-text-unfold\" data-id=\"b8a8323\" data-element_type=\"widget\" data-settings=\"{&quot;_animation&quot;:&quot;fadeIn&quot;}\" data-widget_type=\"fswp-text-unfold.default\">\n\t\t\t\t<div class=\"elementor-widget-container\">\n\t\t\t\t\t        <div class=\"fswp-elt--read-more-main-wrapper\">\n                    <div class=\"fswp-elt--read-more-image-wrapper\">\n            <img decoding=\"async\" src=\"https:\/\/agusmolinares.com.ar\/wp-23\/wp-content\/uploads\/2025\/11\/medico-con-un-paciente-en-la-clinica-de-fisioterapia-scaled.jpg\" \/>\n\n        <\/div><!--read-more-image-wrapper-->\n            <div class=\"fswp-elt--read-more-title-wrapper\">\n            <h3 class=\"fswp-elt--read-more-title\">Auditor\u00eda en kinesiolog\u00eda<\/h3>        <\/div><!--read-more-title-wrapper-->\n            <div class=\"fswp-elt--read-more-content-wrapper\">\n                            <div class=\"fswp-elt--read-more-content\">\n                    <p data-start=\"0\" data-end=\"358\">La auditor\u00eda kin\u00e9sica es un proceso de evaluaci\u00f3n realizado por un profesional especializado, cuyo objetivo es garantizar la calidad y efectividad de la atenci\u00f3n kin\u00e9sica. A trav\u00e9s del control y la supervisi\u00f3n de las prestaciones, el auditor kin\u00e9sico verifica que se cumplan las normas y est\u00e1ndares vigentes, promoviendo una pr\u00e1ctica \u00e9tica y eficiente.<br \/>Este proceso permite detectar fortalezas y \u00e1reas de mejora en la atenci\u00f3n, proponiendo acciones para optimizar los resultados y elevar el nivel del servicio brindado. La auditor\u00eda kin\u00e9sica se aplica en distintos \u00e1mbitos de la salud, como hospitales, cl\u00ednicas, obras sociales, prepagas y centros de rehabilitaci\u00f3n, contribuyendo a la mejora continua de la profesi\u00f3n y al bienestar de\u00a0los\u00a0pacientes.<\/p>                <\/div>\n                                    <a class=\"fswp-elt--read-more more hide-icon\"\n                        data-height=\"0\"\n                        data-more=\"Leer m\u00e1s\"\n                        data-less=\"Leer menos\">\n                        <span class=\"fswp-elt--read-more-text\">\n                            Leer m\u00e1s                        <\/span>\n                                                                    <\/a>\n                    <\/div><!--read-more-content-wrapper-->\n        <\/div>\n    \t\t\t\t<\/div>\n\t\t\t\t<\/div>\n\t\t\t\t<div class=\"elementor-element elementor-element-8297ec6 elementor-invisible elementor-widget elementor-widget-fswp-text-unfold\" data-id=\"8297ec6\" data-element_type=\"widget\" data-settings=\"{&quot;_animation&quot;:&quot;fadeIn&quot;}\" data-widget_type=\"fswp-text-unfold.default\">\n\t\t\t\t<div class=\"elementor-widget-container\">\n\t\t\t\t\t        <div class=\"fswp-elt--read-more-main-wrapper\">\n                    <div class=\"fswp-elt--read-more-image-wrapper\">\n            <img decoding=\"async\" src=\"https:\/\/agusmolinares.com.ar\/wp-23\/wp-content\/uploads\/2025\/11\/Docencia-universitaria-scaled.jpg\" \/>\n\n        <\/div><!--read-more-image-wrapper-->\n            <div class=\"fswp-elt--read-more-title-wrapper\">\n            <h3 class=\"fswp-elt--read-more-title\">Docencia universitaria<\/h3>        <\/div><!--read-more-title-wrapper-->\n            <div class=\"fswp-elt--read-more-content-wrapper\">\n                            <div class=\"fswp-elt--read-more-content\">\n                    <p data-start=\"0\" data-end=\"358\">La docencia en kinesiolog\u00eda abarca tanto la ense\u00f1anza acad\u00e9mica como la transmisi\u00f3n del conocimiento profesional desde una mirada educativa. Los kinesi\u00f3logos que se dedican a esta \u00e1rea pueden desempe\u00f1arse en la docencia universitaria, la investigaci\u00f3n y la planificaci\u00f3n de programas de salud y formaci\u00f3n.<br \/>Desde la universidad, el rol docente implica mejorar los m\u00e9todos de ense\u00f1anza-aprendizaje, promover la actualizaci\u00f3n constante del saber disciplinar y fomentar la investigaci\u00f3n cient\u00edfica para generar nuevos aportes al campo. Adem\u00e1s, los profesionales pueden asesorar y desarrollar programas educativos o de salud en instituciones p\u00fablicas y privadas, contribuyendo al crecimiento y la innovaci\u00f3n de\u00a0la\u00a0profesi\u00f3n.<\/p>                <\/div>\n                                    <a class=\"fswp-elt--read-more more hide-icon\"\n                        data-height=\"0\"\n                        data-more=\"Leer m\u00e1s\"\n                        data-less=\"Leer menos\">\n                        <span class=\"fswp-elt--read-more-text\">\n                            Leer m\u00e1s                        <\/span>\n                                                                    <\/a>\n                    <\/div><!--read-more-content-wrapper-->\n        <\/div>\n    \t\t\t\t<\/div>\n\t\t\t\t<\/div>\n\t\t\t\t<div class=\"elementor-element elementor-element-e0eecdb elementor-invisible elementor-widget elementor-widget-fswp-text-unfold\" data-id=\"e0eecdb\" data-element_type=\"widget\" data-settings=\"{&quot;_animation&quot;:&quot;fadeIn&quot;}\" data-widget_type=\"fswp-text-unfold.default\">\n\t\t\t\t<div class=\"elementor-widget-container\">\n\t\t\t\t\t        <div class=\"fswp-elt--read-more-main-wrapper\">\n                    <div class=\"fswp-elt--read-more-image-wrapper\">\n            <img decoding=\"async\" src=\"https:\/\/agusmolinares.com.ar\/wp-23\/wp-content\/uploads\/2025\/11\/companeros-de-laboratorio-haciendo-experimentos-scaled.jpg\" \/>\n\n        <\/div><!--read-more-image-wrapper-->\n            <div class=\"fswp-elt--read-more-title-wrapper\">\n            <h3 class=\"fswp-elt--read-more-title\">Investigaci\u00f3n en salud <\/h3>        <\/div><!--read-more-title-wrapper-->\n            <div class=\"fswp-elt--read-more-content-wrapper\">\n                            <div class=\"fswp-elt--read-more-content\">\n                    <p data-start=\"0\" data-end=\"358\">La investigaci\u00f3n cient\u00edfica en kinesiolog\u00eda tiene como prop\u00f3sito generar nuevos conocimientos, validar pr\u00e1cticas cl\u00ednicas y optimizar el ejercicio profesional. A trav\u00e9s de ella, se busca comprender en profundidad la pr\u00e1ctica kin\u00e9sica, aportar evidencia que respalde la toma de decisiones y mejorar la calidad de las intervenciones.<br \/>Tambi\u00e9n permite evaluar la efectividad de nuevas terapias, tecnolog\u00edas y enfoques terap\u00e9uticos, promoviendo una actualizaci\u00f3n constante del campo. La divulgaci\u00f3n cient\u00edfica, por su parte, cumple un rol clave al difundir estos conocimientos entre profesionales, estudiantes y la comunidad, fortaleciendo el desarrollo y la innovaci\u00f3n dentro de\u00a0la\u00a0disciplina.<\/p>                <\/div>\n                                    <a class=\"fswp-elt--read-more more hide-icon\"\n                        data-height=\"0\"\n                        data-more=\"Leer m\u00e1s\"\n                        data-less=\"Leer menos\">\n                        <span class=\"fswp-elt--read-more-text\">\n                            Leer m\u00e1s                        <\/span>\n                                                                    <\/a>\n                    <\/div><!--read-more-content-wrapper-->\n        <\/div>\n    \t\t\t\t<\/div>\n\t\t\t\t<\/div>\n\t\t\t\t\t<\/div>\n\t\t\t\t<\/div>\n\t\t<div class=\"elementor-element elementor-element-c1a506f e-grid e-con-boxed elementor-invisible e-con e-parent\" data-id=\"c1a506f\" data-element_type=\"container\" data-settings=\"{&quot;animation&quot;:&quot;fadeIn&quot;}\">\n\t\t\t\t\t<div class=\"e-con-inner\">\n\t\t\t\t<div class=\"elementor-element elementor-element-2c21930 elementor-invisible elementor-widget elementor-widget-fswp-text-unfold\" data-id=\"2c21930\" data-element_type=\"widget\" data-settings=\"{&quot;_animation&quot;:&quot;fadeIn&quot;}\" data-widget_type=\"fswp-text-unfold.default\">\n\t\t\t\t<div class=\"elementor-widget-container\">\n\t\t\t\t\t        <div class=\"fswp-elt--read-more-main-wrapper\">\n                    <div class=\"fswp-elt--read-more-image-wrapper\">\n            <img decoding=\"async\" src=\"https:\/\/agusmolinares.com.ar\/wp-23\/wp-content\/uploads\/2025\/11\/Terapias-Manuales-scaled.jpg\" \/>\n\n        <\/div><!--read-more-image-wrapper-->\n            <div class=\"fswp-elt--read-more-title-wrapper\">\n            <h3 class=\"fswp-elt--read-more-title\">Terapias Manuales<\/h3>        <\/div><!--read-more-title-wrapper-->\n            <div class=\"fswp-elt--read-more-content-wrapper\">\n                            <div class=\"fswp-elt--read-more-content\">\n                    <p data-start=\"0\" data-end=\"358\">Est\u00e1 entre las pr\u00e1cticas de la Kinesiolog\u00eda<\/p>                <\/div>\n                                    <a class=\"fswp-elt--read-more more hide-icon\"\n                        data-height=\"0\"\n                        data-more=\"Leer m\u00e1s\"\n                        data-less=\"Leer menos\">\n                        <span class=\"fswp-elt--read-more-text\">\n                            Leer m\u00e1s                        <\/span>\n                                                                    <\/a>\n                    <\/div><!--read-more-content-wrapper-->\n        <\/div>\n    \t\t\t\t<\/div>\n\t\t\t\t<\/div>\n\t\t\t\t<div class=\"elementor-element elementor-element-c032bfa elementor-invisible elementor-widget elementor-widget-fswp-text-unfold\" data-id=\"c032bfa\" data-element_type=\"widget\" data-settings=\"{&quot;_animation&quot;:&quot;fadeIn&quot;}\" data-widget_type=\"fswp-text-unfold.default\">\n\t\t\t\t<div class=\"elementor-widget-container\">\n\t\t\t\t\t        <div class=\"fswp-elt--read-more-main-wrapper\">\n                    <div class=\"fswp-elt--read-more-image-wrapper\">\n            <img decoding=\"async\" src=\"https:\/\/agusmolinares.com.ar\/wp-23\/wp-content\/uploads\/2025\/11\/Drenaje-linfatico-1-scaled.jpg\" \/>\n\n        <\/div><!--read-more-image-wrapper-->\n            <div class=\"fswp-elt--read-more-title-wrapper\">\n            <h3 class=\"fswp-elt--read-more-title\">Drenaje linf\u00e1tico<\/h3>        <\/div><!--read-more-title-wrapper-->\n            <div class=\"fswp-elt--read-more-content-wrapper\">\n                            <div class=\"fswp-elt--read-more-content\">\n                    <p data-start=\"0\" data-end=\"358\">Est\u00e1 entre las pr\u00e1cticas de la Kinesiolog\u00eda<\/p>                <\/div>\n                                    <a class=\"fswp-elt--read-more more hide-icon\"\n                        data-height=\"0\"\n                        data-more=\"Leer m\u00e1s\"\n                        data-less=\"Leer menos\">\n                        <span class=\"fswp-elt--read-more-text\">\n                            Leer m\u00e1s                        <\/span>\n                                                                    <\/a>\n                    <\/div><!--read-more-content-wrapper-->\n        <\/div>\n    \t\t\t\t<\/div>\n\t\t\t\t<\/div>\n\t\t\t\t\t<\/div>\n\t\t\t\t<\/div>\n\t\t\t\t<\/div>\n\t\t","protected":false},"excerpt":{"rendered":"<p>\u00c1reas de trabajo Rehabilitaci\u00f3n Traumatol\u00f3gica La Traumatolog\u00eda se enfoca en el estudio y tratamiento de las lesiones del aparato locomotor. [&hellip;]<\/p>\n","protected":false},"author":2,"featured_media":0,"parent":0,"menu_order":0,"comment_status":"closed","ping_status":"closed","template":"","meta":{"site-sidebar-layout":"no-sidebar","site-content-layout":"","ast-site-content-layout":"full-width-container","site-content-style":"default","site-sidebar-style":"default","ast-global-header-display":"","ast-banner-title-visibility":"","ast-main-header-display":"","ast-hfb-above-header-display":"","ast-hfb-below-header-display":"","ast-hfb-mobile-header-display":"","site-post-title":"disabled","ast-breadcrumbs-content":"","ast-featured-img":"disabled","footer-sml-layout":"","theme-transparent-header-meta":"","adv-header-id-meta":"","stick-header-meta":"","header-above-stick-meta":"","header-main-stick-meta":"","header-below-stick-meta":"","astra-migrate-meta-layouts":"default","ast-page-background-enabled":"default","ast-page-background-meta":{"desktop":{"background-color":"var(--ast-global-color-5)","background-image":"","background-repeat":"repeat","background-position":"center center","background-size":"auto","background-attachment":"scroll","background-type":"","background-media":"","overlay-type":"","overlay-color":"","overlay-opacity":"","overlay-gradient":""},"tablet":{"background-color":"","background-image":"","background-repeat":"repeat","background-position":"center center","background-size":"auto","background-attachment":"scroll","background-type":"","background-media":"","overlay-type":"","overlay-color":"","overlay-opacity":"","overlay-gradient":""},"mobile":{"background-color":"","background-image":"","background-repeat":"repeat","background-position":"center center","background-size":"auto","background-attachment":"scroll","background-type":"","background-media":"","overlay-type":"","overlay-color":"","overlay-opacity":"","overlay-gradient":""}},"ast-content-background-meta":{"desktop":{"background-color":"var(--ast-global-color-4)","background-image":"","background-repeat":"repeat","background-position":"center center","background-size":"auto","background-attachment":"scroll","background-type":"","background-media":"","overlay-type":"","overlay-color":"","overlay-opacity":"","overlay-gradient":""},"tablet":{"background-color":"var(--ast-global-color-4)","background-image":"","background-repeat":"repeat","background-position":"center center","background-size":"auto","background-attachment":"scroll","background-type":"","background-media":"","overlay-type":"","overlay-color":"","overlay-opacity":"","overlay-gradient":""},"mobile":{"background-color":"var(--ast-global-color-4)","background-image":"","background-repeat":"repeat","background-position":"center center","background-size":"auto","background-attachment":"scroll","background-type":"","background-media":"","overlay-type":"","overlay-color":"","overlay-opacity":"","overlay-gradient":""}},"footnotes":""},"class_list":["post-2217","page","type-page","status-publish","hentry"],"_links":{"self":[{"href":"https:\/\/agusmolinares.com.ar\/wp-23\/wp-json\/wp\/v2\/pages\/2217","targetHints":{"allow":["GET"]}}],"collection":[{"href":"https:\/\/agusmolinares.com.ar\/wp-23\/wp-json\/wp\/v2\/pages"}],"about":[{"href":"https:\/\/agusmolinares.com.ar\/wp-23\/wp-json\/wp\/v2\/types\/page"}],"author":[{"embeddable":true,"href":"https:\/\/agusmolinares.com.ar\/wp-23\/wp-json\/wp\/v2\/users\/2"}],"replies":[{"embeddable":true,"href":"https:\/\/agusmolinares.com.ar\/wp-23\/wp-json\/wp\/v2\/comments?post=2217"}],"version-history":[{"count":151,"href":"https:\/\/agusmolinares.com.ar\/wp-23\/wp-json\/wp\/v2\/pages\/2217\/revisions"}],"predecessor-version":[{"id":2954,"href":"https:\/\/agusmolinares.com.ar\/wp-23\/wp-json\/wp\/v2\/pages\/2217\/revisions\/2954"}],"wp:attachment":[{"href":"https:\/\/agusmolinares.com.ar\/wp-23\/wp-json\/wp\/v2\/media?parent=2217"}],"curies":[{"name":"wp","href":"https:\/\/api.w.org\/{rel}","templated":true}]}}